{"id":5965,"date":"2023-07-11T11:17:27","date_gmt":"2023-07-11T11:17:27","guid":{"rendered":"https:\/\/www.cordaid.org\/en\/?page_id=5965"},"modified":"2023-07-11T11:19:14","modified_gmt":"2023-07-11T11:19:14","slug":"cordaid-et-lunicef-forment-un-groupe-de-travail-vih-sida-pour-une-meilleure-coordination-de-la-riposte","status":"publish","type":"page","link":"https:\/\/www.cordaid.org\/en\/cordaid-et-lunicef-forment-un-groupe-de-travail-vih-sida-pour-une-meilleure-coordination-de-la-riposte\/","title":{"rendered":"Cordaid et l\u2019UNICEF forment un groupe de travail VIH-SIDA pour une meilleure coordination de la riposte"},"content":{"rendered":"<div class=\"hero hero--page hero--large\">\n\t\t<picture data-post-image class=\"hero__background\">\n\t\t<source srcset=\"https:\/\/www.cordaid.org\/en\/wp-content\/uploads\/2023\/07\/HIV-AIDS-Global-fund-640x500.jpg\" media=\"(max-width: 767px)\"\/>\n\t\t<source srcset=\"https:\/\/www.cordaid.org\/en\/wp-content\/uploads\/2023\/07\/HIV-AIDS-Global-fund-1440x407.jpg\" media=\"(max-width: 1440px)\"\/>\n\t\t<source srcset=\"https:\/\/www.cordaid.org\/en\/wp-content\/uploads\/2023\/07\/HIV-AIDS-Global-fund-1920x530.jpg\" media=\"(min-width: 1441px)\"\/>\n\t\t<img class=\"hero__img\" src='https:\/\/www.cordaid.org\/en\/wp-content\/uploads\/2023\/07\/HIV-AIDS-Global-fund-1920x530.jpg' loading=\"lazy\" alt=\"\"\/>\n\t<\/picture>\n\n\t<div class=\"container\">\n\t\t<div class=\"row\">\n\t\t\t<div class=\"col-12 col-md-8\">\n\t\t\t\t<div class=\"hero__content \">\n\t\t\t\t\t<div class=\"hero__breadcrumbs\">\n\t\t\t\t\t\t\t<div class=\"breadcrumbs\"><span><span><a href=\"https:\/\/www.cordaid.org\/en\/\">Home<\/a><\/span><\/span><\/div>\n\t\t\t\t\t<\/div>\n\t\t\t\t\t<div class=\"hero__header\">\n\t\t\t\t\t\t\t\t\t\t\t\t<h1 data-post-title class=\"hero__title\">Cordaid et l\u2019UNICEF forment un groupe de travail VIH-SIDA pour une meilleure coordination de la riposte<\/h1>\n\t\t\t\t\t<\/div>\n\t\t\t\t\t\t\t\t\t\t\t\t\t\t\t\t\t\t<p class=\"hero__text\">\n\t\t\t\t\t\t\t\tUn cadre d\u2019\u00e9changes r\u00e9unissant toutes les parties prenantes dans la lutte contre le VIH-Sida en vue de d\u00e9finir des orientations et directives pour une meilleure coordination de la riposte en vue d\u2019obtenir des r\u00e9sultats escompt\u00e9s.\n\t\t\t\t\t\t\t<\/p>\n\t\t\t\t\t\t\t\t\t\t\t\t\t\t\t\t\t\t\t\t\t\t<\/div>\n\t\t\t\t<\/div>\n\t\t\t<\/div>\n\t\t<\/div>\n\t<\/div>\n<\/div>\n\n\n\n<div class=\"section section--core \"><div class=\"container\"><div class=\"row\"><div class=\"col-12 col-md-8 offset-md-2 block-wrapper\"><div class=\"entry-content\">\n<p>La situation de la Province de l\u2019Ituri est caract\u00e9ris\u00e9e principalement par l\u2019ins\u00e9curit\u00e9 caus\u00e9e par l\u2019activisme des groupes arm\u00e9s et les inondations \u00e0 la base des regroupements des populations dans des sites o\u00f9 elles sont oblig\u00e9es de vivre dans la pr\u00e9carit\u00e9 et la promiscuit\u00e9.<\/p>\n\n\n\n<p>La survenue des \u00e9pid\u00e9mies comme la MVE et Covid 19 a eu un effet r\u00e9ducteur sur l\u2019attention accord\u00e9e aux probl\u00e8mes li\u00e9s au VIH et sida par les acteurs de d\u00e9veloppement et humanitaires \u00e0 diff\u00e9rents niveaux d\u2019implication (bailleurs, organismes d\u2019appui, organismes de mise en \u0153uvre).<\/p>\n\n\n\n<p>En d\u00e9pit des \u00e9vidences sur la vuln\u00e9rabilit\u00e9 face au VIH des populations touch\u00e9es par des crises humanitaires (r\u00e9fugi\u00e9s, d\u00e9plac\u00e9s internes, retourn\u00e9s, \u2026), l\u2019attention des acteurs s\u2019est focalis\u00e9e plus sur les autres besoins prioritaires de Protection, WASH, \u2026 rel\u00e9guant le VIH et sida \u00e0 l\u2019arri\u00e8re-plan, voire le consid\u00e9rant non n\u00e9cessaire d\u2019\u00eatre int\u00e9gr\u00e9 dans le paquet des actions prioritaires \u00e0 offrir aux populations affect\u00e9es.<\/p>\n\n\n\n<p>Le 12 octobre 2022, s\u2019est tenue la premi\u00e8re r\u00e9union du Groupe de Travail VIH-Sida en Ituri, pour \u00e9changer sur divers probl\u00e8mes, proposer des pistes de solution et\/ou donner des orientations correctives. La cr\u00e9ation de ce groupe s\u2019est inscrite dans le contexte des faiblesses dans la coordination des activit\u00e9s de riposte au VIH exacerb\u00e9es par des foyers des conflits arm\u00e9s r\u00e9currents. D\u00e9j\u00e0 pr\u00e9sent dans le Nord-Kivu (\u00e0 Goma), l&#8217;exp\u00e9rience s\u2019est r\u00e9percut\u00e9e \u00e0 Bunia (Ituri). Sous l&#8217;\u00e9gide de l&#8217;ONUSIDA, ce Groupe a \u00e9t\u00e9 initi\u00e9 suite au constat que le VIH-Sida devenait de plus en plus non prioritaire par rapport \u00e0 la Pand\u00e9mie de Covid 19.<\/p>\n\n\n\n<p>Compos\u00e9 de divers repr\u00e9sentant mandat\u00e9s : Pour le secteur public ( PNMLS, PNLS, PNSR, PNSA, PALS, PMILS, FARDC, PNC), pour le secteur priv\u00e9 et entreprises (CIELS, sections VIH des entreprises publiques et priv\u00e9es, entreprises mini\u00e8res, regroupements des mineurs), pour les confessions religieuses (CCRI, programmes VIH des confessions religieuses, etc), pour le secteur non gouvernemental (UCOP+, FOSI, RACOJ\/sida, ONGs nationales, ONGs internationales, etc), pour les Nations-Unies ( Agences, ONUSIDA et MONUSCO), ce groupe reprend toutes les parties prenantes \u00e0 la riposte au VIH et SIDA \u0153uvrant \u00e0 travers la Province de Bunia.<\/p>\n\n\n\n<p>Le Groupe de Travail VIH-SIDA a pour attribution principale de contribuer \u00e0 guider le cadre de coordination de la riposte au VH au niveau provincial en : Traitant tous les probl\u00e8mes li\u00e9s \u00e0 l\u2019offre des services, appuis et coordination, Proposant des pistes de solution aux diff\u00e9rents probl\u00e8mes susceptibles de constituer des blocages \u00e0 la mise en \u0153uvre des plans et programmes VIH au niveau provincial, Assurant le plaidoyer, R\u00e9glant les conflits ou autres probl\u00e8mes affectant la mise en \u0153uvre des plans et programmes VIH au niveau provincial et en sensibilisant en \u00e9veillant la conscience de la communaut\u00e9 sur le VIH afin de limiter les nouvelles infections et promouvoir le changement social de comportement.<\/p>\n<\/div><\/div><\/div><\/div><\/div>","protected":false},"excerpt":{"rendered":"<p>La situation de la Province de l\u2019Ituri est caract\u00e9ris\u00e9e principalement par l\u2019ins\u00e9curit\u00e9 caus\u00e9e par l\u2019activisme des groupes arm\u00e9s et les inondations \u00e0 la base des regroupements des populations dans des sites o\u00f9 elles sont oblig\u00e9es &#8230;<\/p>\n","protected":false},"author":3,"featured_media":5966,"parent":0,"menu_order":0,"comment_status":"closed","ping_status":"closed","template":"","meta":{"_acf_changed":false,"footnotes":""},"class_list":["post-5965","page","type-page","status-publish","has-post-thumbnail","hentry"],"acf":[],"yoast_head":"<!-- This site is optimized with the Yoast SEO plugin v27.3 - https:\/\/yoast.com\/product\/yoast-seo-wordpress\/ -->\n<title>Cordaid et l\u2019UNICEF forment un groupe de travail VIH-SIDA pour une meilleure coordination de la riposte - Cordaid International<\/title>\n<meta name=\"description\" content=\"Un cadre d\u2019\u00e9changes r\u00e9unissant toutes les parties prenantes dans la lutte contre le VIH-Sida en vue de d\u00e9finir des orientations et directives pour une meilleure coordination de la riposte en vue d\u2019obtenir des r\u00e9sultats escompt\u00e9s.\" \/>\n<meta name=\"robots\" content=\"index, follow, max-snippet:-1, max-image-preview:large, max-video-preview:-1\" \/>\n<link rel=\"canonical\" href=\"https:\/\/www.cordaid.org\/en\/cordaid-et-lunicef-forment-un-groupe-de-travail-vih-sida-pour-une-meilleure-coordination-de-la-riposte\/\" \/>\n<meta property=\"og:locale\" content=\"en_US\" \/>\n<meta property=\"og:type\" content=\"article\" \/>\n<meta property=\"og:title\" content=\"Cordaid et l\u2019UNICEF forment un groupe de travail VIH-SIDA pour une meilleure coordination de la riposte - Cordaid International\" \/>\n<meta property=\"og:description\" content=\"Un cadre d\u2019\u00e9changes r\u00e9unissant toutes les parties prenantes dans la lutte contre le VIH-Sida en vue de d\u00e9finir des orientations et directives pour une meilleure coordination de la riposte en vue d\u2019obtenir des r\u00e9sultats escompt\u00e9s.\" \/>\n<meta property=\"og:url\" content=\"https:\/\/www.cordaid.org\/en\/cordaid-et-lunicef-forment-un-groupe-de-travail-vih-sida-pour-une-meilleure-coordination-de-la-riposte\/\" \/>\n<meta property=\"og:site_name\" content=\"Cordaid International\" \/>\n<meta property=\"article:modified_time\" content=\"2023-07-11T11:19:14+00:00\" \/>\n<meta property=\"og:image\" content=\"https:\/\/www.cordaid.org\/en\/wp-content\/uploads\/2023\/07\/HIV-AIDS-Global-fund.jpg\" \/>\n\t<meta property=\"og:image:width\" content=\"2560\" \/>\n\t<meta property=\"og:image:height\" content=\"748\" \/>\n\t<meta property=\"og:image:type\" content=\"image\/jpeg\" \/>\n<meta name=\"twitter:card\" content=\"summary_large_image\" \/>\n<meta name=\"twitter:label1\" content=\"Est. reading time\" \/>\n\t<meta name=\"twitter:data1\" content=\"2 minutes\" \/>\n<script type=\"application\/ld+json\" class=\"yoast-schema-graph\">{\"@context\":\"https:\\\/\\\/schema.org\",\"@graph\":[{\"@type\":\"WebPage\",\"@id\":\"https:\\\/\\\/www.cordaid.org\\\/en\\\/cordaid-et-lunicef-forment-un-groupe-de-travail-vih-sida-pour-une-meilleure-coordination-de-la-riposte\\\/\",\"url\":\"https:\\\/\\\/www.cordaid.org\\\/en\\\/cordaid-et-lunicef-forment-un-groupe-de-travail-vih-sida-pour-une-meilleure-coordination-de-la-riposte\\\/\",\"name\":\"Cordaid et l\u2019UNICEF forment un groupe de travail VIH-SIDA pour une meilleure coordination de la riposte - Cordaid International\",\"isPartOf\":{\"@id\":\"https:\\\/\\\/www.cordaid.org\\\/en\\\/#website\"},\"primaryImageOfPage\":{\"@id\":\"https:\\\/\\\/www.cordaid.org\\\/en\\\/cordaid-et-lunicef-forment-un-groupe-de-travail-vih-sida-pour-une-meilleure-coordination-de-la-riposte\\\/#primaryimage\"},\"image\":{\"@id\":\"https:\\\/\\\/www.cordaid.org\\\/en\\\/cordaid-et-lunicef-forment-un-groupe-de-travail-vih-sida-pour-une-meilleure-coordination-de-la-riposte\\\/#primaryimage\"},\"thumbnailUrl\":\"https:\\\/\\\/www.cordaid.org\\\/en\\\/wp-content\\\/uploads\\\/2023\\\/07\\\/HIV-AIDS-Global-fund.jpg\",\"datePublished\":\"2023-07-11T11:17:27+00:00\",\"dateModified\":\"2023-07-11T11:19:14+00:00\",\"description\":\"Un cadre d\u2019\u00e9changes r\u00e9unissant toutes les parties prenantes dans la lutte contre le VIH-Sida en vue de d\u00e9finir des orientations et directives pour une meilleure coordination de la riposte en vue d\u2019obtenir des r\u00e9sultats escompt\u00e9s.\",\"breadcrumb\":{\"@id\":\"https:\\\/\\\/www.cordaid.org\\\/en\\\/cordaid-et-lunicef-forment-un-groupe-de-travail-vih-sida-pour-une-meilleure-coordination-de-la-riposte\\\/#breadcrumb\"},\"inLanguage\":\"en-US\",\"potentialAction\":[{\"@type\":\"ReadAction\",\"target\":[\"https:\\\/\\\/www.cordaid.org\\\/en\\\/cordaid-et-lunicef-forment-un-groupe-de-travail-vih-sida-pour-une-meilleure-coordination-de-la-riposte\\\/\"]}]},{\"@type\":\"ImageObject\",\"inLanguage\":\"en-US\",\"@id\":\"https:\\\/\\\/www.cordaid.org\\\/en\\\/cordaid-et-lunicef-forment-un-groupe-de-travail-vih-sida-pour-une-meilleure-coordination-de-la-riposte\\\/#primaryimage\",\"url\":\"https:\\\/\\\/www.cordaid.org\\\/en\\\/wp-content\\\/uploads\\\/2023\\\/07\\\/HIV-AIDS-Global-fund.jpg\",\"contentUrl\":\"https:\\\/\\\/www.cordaid.org\\\/en\\\/wp-content\\\/uploads\\\/2023\\\/07\\\/HIV-AIDS-Global-fund.jpg\",\"width\":2560,\"height\":748},{\"@type\":\"BreadcrumbList\",\"@id\":\"https:\\\/\\\/www.cordaid.org\\\/en\\\/cordaid-et-lunicef-forment-un-groupe-de-travail-vih-sida-pour-une-meilleure-coordination-de-la-riposte\\\/#breadcrumb\",\"itemListElement\":[{\"@type\":\"ListItem\",\"position\":1,\"name\":\"Home\",\"item\":\"https:\\\/\\\/www.cordaid.org\\\/en\\\/\"},{\"@type\":\"ListItem\",\"position\":2,\"name\":\"Cordaid et l\u2019UNICEF forment un groupe de travail VIH-SIDA pour une meilleure coordination de la riposte\"}]},{\"@type\":\"WebSite\",\"@id\":\"https:\\\/\\\/www.cordaid.org\\\/en\\\/#website\",\"url\":\"https:\\\/\\\/www.cordaid.org\\\/en\\\/\",\"name\":\"Cordaid International\",\"description\":\"Working in and on fragility\",\"publisher\":{\"@id\":\"https:\\\/\\\/www.cordaid.org\\\/en\\\/#organization\"},\"potentialAction\":[{\"@type\":\"SearchAction\",\"target\":{\"@type\":\"EntryPoint\",\"urlTemplate\":\"https:\\\/\\\/www.cordaid.org\\\/en\\\/?s={search_term_string}\"},\"query-input\":{\"@type\":\"PropertyValueSpecification\",\"valueRequired\":true,\"valueName\":\"search_term_string\"}}],\"inLanguage\":\"en-US\"},{\"@type\":\"Organization\",\"@id\":\"https:\\\/\\\/www.cordaid.org\\\/en\\\/#organization\",\"name\":\"Cordaid International\",\"url\":\"https:\\\/\\\/www.cordaid.org\\\/en\\\/\",\"logo\":{\"@type\":\"ImageObject\",\"inLanguage\":\"en-US\",\"@id\":\"https:\\\/\\\/www.cordaid.org\\\/en\\\/#\\\/schema\\\/logo\\\/image\\\/\",\"url\":\"https:\\\/\\\/cordaid.org\\\/en\\\/wp-content\\\/uploads\\\/2022\\\/03\\\/cordaid-favicon.png\",\"contentUrl\":\"https:\\\/\\\/cordaid.org\\\/en\\\/wp-content\\\/uploads\\\/2022\\\/03\\\/cordaid-favicon.png\",\"width\":1200,\"height\":1200,\"caption\":\"Cordaid International\"},\"image\":{\"@id\":\"https:\\\/\\\/www.cordaid.org\\\/en\\\/#\\\/schema\\\/logo\\\/image\\\/\"}}]}<\/script>\n<!-- \/ Yoast SEO plugin. -->","yoast_head_json":{"title":"Cordaid et l\u2019UNICEF forment un groupe de travail VIH-SIDA pour une meilleure coordination de la riposte - Cordaid International","description":"Un cadre d\u2019\u00e9changes r\u00e9unissant toutes les parties prenantes dans la lutte contre le VIH-Sida en vue de d\u00e9finir des orientations et directives pour une meilleure coordination de la riposte en vue d\u2019obtenir des r\u00e9sultats escompt\u00e9s.","robots":{"index":"index","follow":"follow","max-snippet":"max-snippet:-1","max-image-preview":"max-image-preview:large","max-video-preview":"max-video-preview:-1"},"canonical":"https:\/\/www.cordaid.org\/en\/cordaid-et-lunicef-forment-un-groupe-de-travail-vih-sida-pour-une-meilleure-coordination-de-la-riposte\/","og_locale":"en_US","og_type":"article","og_title":"Cordaid et l\u2019UNICEF forment un groupe de travail VIH-SIDA pour une meilleure coordination de la riposte - Cordaid International","og_description":"Un cadre d\u2019\u00e9changes r\u00e9unissant toutes les parties prenantes dans la lutte contre le VIH-Sida en vue de d\u00e9finir des orientations et directives pour une meilleure coordination de la riposte en vue d\u2019obtenir des r\u00e9sultats escompt\u00e9s.","og_url":"https:\/\/www.cordaid.org\/en\/cordaid-et-lunicef-forment-un-groupe-de-travail-vih-sida-pour-une-meilleure-coordination-de-la-riposte\/","og_site_name":"Cordaid International","article_modified_time":"2023-07-11T11:19:14+00:00","og_image":[{"width":2560,"height":748,"url":"https:\/\/www.cordaid.org\/en\/wp-content\/uploads\/2023\/07\/HIV-AIDS-Global-fund.jpg","type":"image\/jpeg"}],"twitter_card":"summary_large_image","twitter_misc":{"Est. reading time":"2 minutes"},"schema":{"@context":"https:\/\/schema.org","@graph":[{"@type":"WebPage","@id":"https:\/\/www.cordaid.org\/en\/cordaid-et-lunicef-forment-un-groupe-de-travail-vih-sida-pour-une-meilleure-coordination-de-la-riposte\/","url":"https:\/\/www.cordaid.org\/en\/cordaid-et-lunicef-forment-un-groupe-de-travail-vih-sida-pour-une-meilleure-coordination-de-la-riposte\/","name":"Cordaid et l\u2019UNICEF forment un groupe de travail VIH-SIDA pour une meilleure coordination de la riposte - Cordaid International","isPartOf":{"@id":"https:\/\/www.cordaid.org\/en\/#website"},"primaryImageOfPage":{"@id":"https:\/\/www.cordaid.org\/en\/cordaid-et-lunicef-forment-un-groupe-de-travail-vih-sida-pour-une-meilleure-coordination-de-la-riposte\/#primaryimage"},"image":{"@id":"https:\/\/www.cordaid.org\/en\/cordaid-et-lunicef-forment-un-groupe-de-travail-vih-sida-pour-une-meilleure-coordination-de-la-riposte\/#primaryimage"},"thumbnailUrl":"https:\/\/www.cordaid.org\/en\/wp-content\/uploads\/2023\/07\/HIV-AIDS-Global-fund.jpg","datePublished":"2023-07-11T11:17:27+00:00","dateModified":"2023-07-11T11:19:14+00:00","description":"Un cadre d\u2019\u00e9changes r\u00e9unissant toutes les parties prenantes dans la lutte contre le VIH-Sida en vue de d\u00e9finir des orientations et directives pour une meilleure coordination de la riposte en vue d\u2019obtenir des r\u00e9sultats escompt\u00e9s.","breadcrumb":{"@id":"https:\/\/www.cordaid.org\/en\/cordaid-et-lunicef-forment-un-groupe-de-travail-vih-sida-pour-une-meilleure-coordination-de-la-riposte\/#breadcrumb"},"inLanguage":"en-US","potentialAction":[{"@type":"ReadAction","target":["https:\/\/www.cordaid.org\/en\/cordaid-et-lunicef-forment-un-groupe-de-travail-vih-sida-pour-une-meilleure-coordination-de-la-riposte\/"]}]},{"@type":"ImageObject","inLanguage":"en-US","@id":"https:\/\/www.cordaid.org\/en\/cordaid-et-lunicef-forment-un-groupe-de-travail-vih-sida-pour-une-meilleure-coordination-de-la-riposte\/#primaryimage","url":"https:\/\/www.cordaid.org\/en\/wp-content\/uploads\/2023\/07\/HIV-AIDS-Global-fund.jpg","contentUrl":"https:\/\/www.cordaid.org\/en\/wp-content\/uploads\/2023\/07\/HIV-AIDS-Global-fund.jpg","width":2560,"height":748},{"@type":"BreadcrumbList","@id":"https:\/\/www.cordaid.org\/en\/cordaid-et-lunicef-forment-un-groupe-de-travail-vih-sida-pour-une-meilleure-coordination-de-la-riposte\/#breadcrumb","itemListElement":[{"@type":"ListItem","position":1,"name":"Home","item":"https:\/\/www.cordaid.org\/en\/"},{"@type":"ListItem","position":2,"name":"Cordaid et l\u2019UNICEF forment un groupe de travail VIH-SIDA pour une meilleure coordination de la riposte"}]},{"@type":"WebSite","@id":"https:\/\/www.cordaid.org\/en\/#website","url":"https:\/\/www.cordaid.org\/en\/","name":"Cordaid International","description":"Working in and on fragility","publisher":{"@id":"https:\/\/www.cordaid.org\/en\/#organization"},"potentialAction":[{"@type":"SearchAction","target":{"@type":"EntryPoint","urlTemplate":"https:\/\/www.cordaid.org\/en\/?s={search_term_string}"},"query-input":{"@type":"PropertyValueSpecification","valueRequired":true,"valueName":"search_term_string"}}],"inLanguage":"en-US"},{"@type":"Organization","@id":"https:\/\/www.cordaid.org\/en\/#organization","name":"Cordaid International","url":"https:\/\/www.cordaid.org\/en\/","logo":{"@type":"ImageObject","inLanguage":"en-US","@id":"https:\/\/www.cordaid.org\/en\/#\/schema\/logo\/image\/","url":"https:\/\/cordaid.org\/en\/wp-content\/uploads\/2022\/03\/cordaid-favicon.png","contentUrl":"https:\/\/cordaid.org\/en\/wp-content\/uploads\/2022\/03\/cordaid-favicon.png","width":1200,"height":1200,"caption":"Cordaid International"},"image":{"@id":"https:\/\/www.cordaid.org\/en\/#\/schema\/logo\/image\/"}}]}},"_links":{"self":[{"href":"https:\/\/www.cordaid.org\/en\/wp-json\/wp\/v2\/pages\/5965","targetHints":{"allow":["GET"]}}],"collection":[{"href":"https:\/\/www.cordaid.org\/en\/wp-json\/wp\/v2\/pages"}],"about":[{"href":"https:\/\/www.cordaid.org\/en\/wp-json\/wp\/v2\/types\/page"}],"author":[{"embeddable":true,"href":"https:\/\/www.cordaid.org\/en\/wp-json\/wp\/v2\/users\/3"}],"replies":[{"embeddable":true,"href":"https:\/\/www.cordaid.org\/en\/wp-json\/wp\/v2\/comments?post=5965"}],"version-history":[{"count":3,"href":"https:\/\/www.cordaid.org\/en\/wp-json\/wp\/v2\/pages\/5965\/revisions"}],"predecessor-version":[{"id":5969,"href":"https:\/\/www.cordaid.org\/en\/wp-json\/wp\/v2\/pages\/5965\/revisions\/5969"}],"wp:featuredmedia":[{"embeddable":true,"href":"https:\/\/www.cordaid.org\/en\/wp-json\/wp\/v2\/media\/5966"}],"wp:attachment":[{"href":"https:\/\/www.cordaid.org\/en\/wp-json\/wp\/v2\/media?parent=5965"}],"curies":[{"name":"wp","href":"https:\/\/api.w.org\/{rel}","templated":true}]}}